{"id":3381,"date":"2024-04-24T07:17:33","date_gmt":"2024-04-24T07:17:33","guid":{"rendered":"https:\/\/dev.mondoestudio.es\/twiga\/?page_id=3381"},"modified":"2024-04-24T07:51:02","modified_gmt":"2024-04-24T07:51:02","slug":"radiografia-de-la-salud-mental-de-la-sociedad-espanola","status":"publish","type":"page","link":"https:\/\/dev.mondoestudio.es\/twiga\/explora-nuestro-trabajo\/radiografia-de-la-salud-mental-de-la-sociedad-espanola\/","title":{"rendered":"RADIOGRAF\u00cdA DE LA SALUD MENTAL DE LA SOCIEDAD ESPA\u00d1OLA"},"content":{"rendered":"\n<p>Esta investigaci\u00f3n se desarroll\u00f3 en un momento de enorme complejidad. En 2022 la ciudadan\u00eda comenzaba a superar el shock ocasionado por la crisis sanitaria derivada de la pandemia del COVID-19 y el periodo de confinamiento. La incertidumbre era todav\u00eda patente, as\u00ed que no quisimos dejar un \u00e1ngulo sin explorar.<\/p>\n\n\n\n<p>Un viaje de co-creaci\u00f3n en el que nos acompa\u00f1\u00f3 un entusiasta Grupo motor compuesto por personas con experiencia propia en salud mental, asociaciones y un profesional de la psiquiatr\u00eda y ex alto cargo de Sanidad. En cada fase del estudio, recibimos su retroalimentaci\u00f3n, desde los dise\u00f1os metodol\u00f3gicos hasta la interpretaci\u00f3n de resultados o el desarrollo de las recomendaciones y l\u00edneas estrat\u00e9gicas.<\/p>\n\n\n\n<p>La investigaci\u00f3n comenz\u00f3 con un abordaje cualitativo en el que dimos voz a los protagonistas. Escuchamos a personas con experiencia propia en salud mental aquejadas de trastornos de distinta gravedad, psiquiatras, psic\u00f3logos\/as, m\u00e9dicos\/as de familia, adolescentes, personas adultas y familias. De ese modo, nos aseguramos de identificar las dimensiones relevantes en torno a la cuesti\u00f3n y evitar sesgos de investigaci\u00f3n.<\/p>\n\n\n\n<p>Y sobre la base de un material cualitativo tremendamente rico, la investigaci\u00f3n culmin\u00f3 con una encuesta poblacional de 2.000 entrevistas, donde se sonde\u00f3 al conjunto de la sociedad, profundizando en la situaci\u00f3n y experiencia de las personas con experiencia propia en salud mental.<\/p>\n\n\n\n<p>El estudio tuvo un alto impacto social y medi\u00e1tico.<\/p>\n\n\n\n<p>Si quieres ver el resultado, pincha <a href=\"https:\/\/consaludmental.org\/centro-documentacion\/estudio-situacion-salud-mental\/\">aqu\u00ed<\/a><\/p>\n","protected":false},"excerpt":{"rendered":"<p>Esta investigaci\u00f3n se desarroll\u00f3 en un momento de enorme complejidad. En 2022 la ciudadan\u00eda comenzaba a superar el shock ocasionado [&hellip;]<\/p>\n","protected":false},"author":1,"featured_media":0,"parent":3084,"menu_order":0,"comment_status":"closed","ping_status":"closed","template":"","meta":{"_uag_custom_page_level_css":"","site-sidebar-layout":"default","site-content-layout":"","ast-site-content-layout":"normal-width-container","site-content-style":"boxed","site-sidebar-style":"default","ast-global-header-display":"","ast-banner-title-visibility":"","ast-main-header-display":"","ast-hfb-above-header-display":"","ast-hfb-below-header-display":"","ast-hfb-mobile-header-display":"","site-post-title":"","ast-breadcrumbs-content":"","ast-featured-img":"","footer-sml-layout":"","theme-transparent-header-meta":"disabled","adv-header-id-meta":"","stick-header-meta":"default","header-above-stick-meta":"","header-main-stick-meta":"disabled","header-below-stick-meta":"","astra-migrate-meta-layouts":"default","ast-page-background-enabled":"default","ast-page-background-meta":{"desktop":{"background-color":"var(--ast-global-color-4)","background-image":"","background-repeat":"repeat","background-position":"center center","background-size":"auto","background-attachment":"scroll","background-type":"","background-media":"","overlay-type":"","overlay-color":"","overlay-gradient":""},"tablet":{"background-color":"","background-image":"","background-repeat":"repeat","background-position":"center center","background-size":"auto","background-attachment":"scroll","background-type":"","background-media":"","overlay-type":"","overlay-color":"","overlay-gradient":""},"mobile":{"background-color":"","background-image":"","background-repeat":"repeat","background-position":"center center","background-size":"auto","background-attachment":"scroll","background-type":"","background-media":"","overlay-type":"","overlay-color":"","overlay-gradient":""}},"ast-content-background-meta":{"desktop":{"background-color":"var(--ast-global-color-5)","background-image":"","background-repeat":"repeat","background-position":"center center","background-size":"auto","background-attachment":"scroll","background-type":"","background-media":"","overlay-type":"","overlay-color":"","overlay-gradient":""},"tablet":{"background-color":"var(--ast-global-color-5)","background-image":"","background-repeat":"repeat","background-position":"center center","background-size":"auto","background-attachment":"scroll","background-type":"","background-media":"","overlay-type":"","overlay-color":"","overlay-gradient":""},"mobile":{"background-color":"var(--ast-global-color-5)","background-image":"","background-repeat":"repeat","background-position":"center center","background-size":"auto","background-attachment":"scroll","background-type":"","background-media":"","overlay-type":"","overlay-color":"","overlay-gradient":""}},"footnotes":""},"class_list":["post-3381","page","type-page","status-publish","hentry"],"yoast_head":"<!-- This site is optimized with the Yoast SEO Premium plugin v20.10 (Yoast SEO v22.6) - https:\/\/yoast.com\/wordpress\/plugins\/seo\/ -->\n<title>RADIOGRAF\u00cdA DE LA SALUD MENTAL DE LA SOCIEDAD ESPA\u00d1OLA - Twiga Strategy<\/title>\n<meta name=\"robots\" content=\"noindex, follow, max-snippet:-1, max-image-preview:large, max-video-preview:-1\" \/>\n<meta property=\"og:locale\" content=\"es_ES\" \/>\n<meta property=\"og:type\" content=\"article\" \/>\n<meta property=\"og:title\" content=\"RADIOGRAF\u00cdA DE LA SALUD MENTAL DE LA SOCIEDAD ESPA\u00d1OLA\" \/>\n<meta property=\"og:description\" content=\"Esta investigaci\u00f3n se desarroll\u00f3 en un momento de enorme complejidad. En 2022 la ciudadan\u00eda comenzaba a superar el shock ocasionado [&hellip;]\" \/>\n<meta property=\"og:url\" content=\"https:\/\/dev.mondoestudio.es\/twiga\/explora-nuestro-trabajo\/radiografia-de-la-salud-mental-de-la-sociedad-espanola\/\" \/>\n<meta property=\"og:site_name\" content=\"Twiga Strategy\" \/>\n<meta property=\"article:modified_time\" content=\"2024-04-24T07:51:02+00:00\" \/>\n<meta name=\"twitter:card\" content=\"summary_large_image\" \/>\n<meta name=\"twitter:label1\" content=\"Tiempo de lectura\" \/>\n\t<meta name=\"twitter:data1\" content=\"2 minutos\" \/>\n<script type=\"application\/ld+json\" class=\"yoast-schema-graph\">{\"@context\":\"https:\/\/schema.org\",\"@graph\":[{\"@type\":\"WebPage\",\"@id\":\"https:\/\/dev.mondoestudio.es\/twiga\/explora-nuestro-trabajo\/radiografia-de-la-salud-mental-de-la-sociedad-espanola\/\",\"url\":\"https:\/\/dev.mondoestudio.es\/twiga\/explora-nuestro-trabajo\/radiografia-de-la-salud-mental-de-la-sociedad-espanola\/\",\"name\":\"RADIOGRAF\u00cdA DE LA SALUD MENTAL DE LA SOCIEDAD ESPA\u00d1OLA - Twiga Strategy\",\"isPartOf\":{\"@id\":\"https:\/\/dev.mondoestudio.es\/twiga\/#website\"},\"datePublished\":\"2024-04-24T07:17:33+00:00\",\"dateModified\":\"2024-04-24T07:51:02+00:00\",\"breadcrumb\":{\"@id\":\"https:\/\/dev.mondoestudio.es\/twiga\/explora-nuestro-trabajo\/radiografia-de-la-salud-mental-de-la-sociedad-espanola\/#breadcrumb\"},\"inLanguage\":\"es\",\"potentialAction\":[{\"@type\":\"ReadAction\",\"target\":[\"https:\/\/dev.mondoestudio.es\/twiga\/explora-nuestro-trabajo\/radiografia-de-la-salud-mental-de-la-sociedad-espanola\/\"]}]},{\"@type\":\"BreadcrumbList\",\"@id\":\"https:\/\/dev.mondoestudio.es\/twiga\/explora-nuestro-trabajo\/radiografia-de-la-salud-mental-de-la-sociedad-espanola\/#breadcrumb\",\"itemListElement\":[{\"@type\":\"ListItem\",\"position\":1,\"name\":\"Portada\",\"item\":\"https:\/\/dev.mondoestudio.es\/twiga\/\"},{\"@type\":\"ListItem\",\"position\":2,\"name\":\"Explora nuestro trabajo\",\"item\":\"https:\/\/dev.mondoestudio.es\/twiga\/explora-nuestro-trabajo\/\"},{\"@type\":\"ListItem\",\"position\":3,\"name\":\"RADIOGRAF\u00cdA DE LA SALUD MENTAL DE LA SOCIEDAD ESPA\u00d1OLA\"}]},{\"@type\":\"WebSite\",\"@id\":\"https:\/\/dev.mondoestudio.es\/twiga\/#website\",\"url\":\"https:\/\/dev.mondoestudio.es\/twiga\/\",\"name\":\"Twiga Strategy\",\"description\":\"\",\"publisher\":{\"@id\":\"https:\/\/dev.mondoestudio.es\/twiga\/#organization\"},\"potentialAction\":[{\"@type\":\"SearchAction\",\"target\":{\"@type\":\"EntryPoint\",\"urlTemplate\":\"https:\/\/dev.mondoestudio.es\/twiga\/?s={search_term_string}\"},\"query-input\":\"required name=search_term_string\"}],\"inLanguage\":\"es\"},{\"@type\":\"Organization\",\"@id\":\"https:\/\/dev.mondoestudio.es\/twiga\/#organization\",\"name\":\"Twiga Strategy\",\"url\":\"https:\/\/dev.mondoestudio.es\/twiga\/\",\"logo\":{\"@type\":\"ImageObject\",\"inLanguage\":\"es\",\"@id\":\"https:\/\/dev.mondoestudio.es\/twiga\/#\/schema\/logo\/image\/\",\"url\":\"https:\/\/dev.mondoestudio.es\/twiga\/wp-content\/uploads\/2024\/03\/Layer_1.png\",\"contentUrl\":\"https:\/\/dev.mondoestudio.es\/twiga\/wp-content\/uploads\/2024\/03\/Layer_1.png\",\"width\":117,\"height\":80,\"caption\":\"Twiga Strategy\"},\"image\":{\"@id\":\"https:\/\/dev.mondoestudio.es\/twiga\/#\/schema\/logo\/image\/\"}}]}<\/script>\n<!-- \/ Yoast SEO Premium plugin. -->","yoast_head_json":{"title":"RADIOGRAF\u00cdA DE LA SALUD MENTAL DE LA SOCIEDAD ESPA\u00d1OLA - Twiga Strategy","robots":{"index":"noindex","follow":"follow","max-snippet":"max-snippet:-1","max-image-preview":"max-image-preview:large","max-video-preview":"max-video-preview:-1"},"og_locale":"es_ES","og_type":"article","og_title":"RADIOGRAF\u00cdA DE LA SALUD MENTAL DE LA SOCIEDAD ESPA\u00d1OLA","og_description":"Esta investigaci\u00f3n se desarroll\u00f3 en un momento de enorme complejidad. En 2022 la ciudadan\u00eda comenzaba a superar el shock ocasionado [&hellip;]","og_url":"https:\/\/dev.mondoestudio.es\/twiga\/explora-nuestro-trabajo\/radiografia-de-la-salud-mental-de-la-sociedad-espanola\/","og_site_name":"Twiga Strategy","article_modified_time":"2024-04-24T07:51:02+00:00","twitter_card":"summary_large_image","twitter_misc":{"Tiempo de lectura":"2 minutos"},"schema":{"@context":"https:\/\/schema.org","@graph":[{"@type":"WebPage","@id":"https:\/\/dev.mondoestudio.es\/twiga\/explora-nuestro-trabajo\/radiografia-de-la-salud-mental-de-la-sociedad-espanola\/","url":"https:\/\/dev.mondoestudio.es\/twiga\/explora-nuestro-trabajo\/radiografia-de-la-salud-mental-de-la-sociedad-espanola\/","name":"RADIOGRAF\u00cdA DE LA SALUD MENTAL DE LA SOCIEDAD ESPA\u00d1OLA - Twiga Strategy","isPartOf":{"@id":"https:\/\/dev.mondoestudio.es\/twiga\/#website"},"datePublished":"2024-04-24T07:17:33+00:00","dateModified":"2024-04-24T07:51:02+00:00","breadcrumb":{"@id":"https:\/\/dev.mondoestudio.es\/twiga\/explora-nuestro-trabajo\/radiografia-de-la-salud-mental-de-la-sociedad-espanola\/#breadcrumb"},"inLanguage":"es","potentialAction":[{"@type":"ReadAction","target":["https:\/\/dev.mondoestudio.es\/twiga\/explora-nuestro-trabajo\/radiografia-de-la-salud-mental-de-la-sociedad-espanola\/"]}]},{"@type":"BreadcrumbList","@id":"https:\/\/dev.mondoestudio.es\/twiga\/explora-nuestro-trabajo\/radiografia-de-la-salud-mental-de-la-sociedad-espanola\/#breadcrumb","itemListElement":[{"@type":"ListItem","position":1,"name":"Portada","item":"https:\/\/dev.mondoestudio.es\/twiga\/"},{"@type":"ListItem","position":2,"name":"Explora nuestro trabajo","item":"https:\/\/dev.mondoestudio.es\/twiga\/explora-nuestro-trabajo\/"},{"@type":"ListItem","position":3,"name":"RADIOGRAF\u00cdA DE LA SALUD MENTAL DE LA SOCIEDAD ESPA\u00d1OLA"}]},{"@type":"WebSite","@id":"https:\/\/dev.mondoestudio.es\/twiga\/#website","url":"https:\/\/dev.mondoestudio.es\/twiga\/","name":"Twiga Strategy","description":"","publisher":{"@id":"https:\/\/dev.mondoestudio.es\/twiga\/#organization"},"potentialAction":[{"@type":"SearchAction","target":{"@type":"EntryPoint","urlTemplate":"https:\/\/dev.mondoestudio.es\/twiga\/?s={search_term_string}"},"query-input":"required name=search_term_string"}],"inLanguage":"es"},{"@type":"Organization","@id":"https:\/\/dev.mondoestudio.es\/twiga\/#organization","name":"Twiga Strategy","url":"https:\/\/dev.mondoestudio.es\/twiga\/","logo":{"@type":"ImageObject","inLanguage":"es","@id":"https:\/\/dev.mondoestudio.es\/twiga\/#\/schema\/logo\/image\/","url":"https:\/\/dev.mondoestudio.es\/twiga\/wp-content\/uploads\/2024\/03\/Layer_1.png","contentUrl":"https:\/\/dev.mondoestudio.es\/twiga\/wp-content\/uploads\/2024\/03\/Layer_1.png","width":117,"height":80,"caption":"Twiga Strategy"},"image":{"@id":"https:\/\/dev.mondoestudio.es\/twiga\/#\/schema\/logo\/image\/"}}]}},"uagb_featured_image_src":{"full":false,"thumbnail":false,"medium":false,"medium_large":false,"large":false,"1536x1536":false,"2048x2048":false},"uagb_author_info":{"display_name":"mondo","author_link":"https:\/\/dev.mondoestudio.es\/twiga\/author\/mondo\/"},"uagb_comment_info":0,"uagb_excerpt":"Esta investigaci\u00f3n se desarroll\u00f3 en un momento de enorme complejidad. En 2022 la ciudadan\u00eda comenzaba a superar el shock ocasionado [&hellip;]","_links":{"self":[{"href":"https:\/\/dev.mondoestudio.es\/twiga\/wp-json\/wp\/v2\/pages\/3381","targetHints":{"allow":["GET"]}}],"collection":[{"href":"https:\/\/dev.mondoestudio.es\/twiga\/wp-json\/wp\/v2\/pages"}],"about":[{"href":"https:\/\/dev.mondoestudio.es\/twiga\/wp-json\/wp\/v2\/types\/page"}],"author":[{"embeddable":true,"href":"https:\/\/dev.mondoestudio.es\/twiga\/wp-json\/wp\/v2\/users\/1"}],"replies":[{"embeddable":true,"href":"https:\/\/dev.mondoestudio.es\/twiga\/wp-json\/wp\/v2\/comments?post=3381"}],"version-history":[{"count":2,"href":"https:\/\/dev.mondoestudio.es\/twiga\/wp-json\/wp\/v2\/pages\/3381\/revisions"}],"predecessor-version":[{"id":3394,"href":"https:\/\/dev.mondoestudio.es\/twiga\/wp-json\/wp\/v2\/pages\/3381\/revisions\/3394"}],"up":[{"embeddable":true,"href":"https:\/\/dev.mondoestudio.es\/twiga\/wp-json\/wp\/v2\/pages\/3084"}],"wp:attachment":[{"href":"https:\/\/dev.mondoestudio.es\/twiga\/wp-json\/wp\/v2\/media?parent=3381"}],"curies":[{"name":"wp","href":"https:\/\/api.w.org\/{rel}","templated":true}]}}